{"id":12,"date":"2023-05-03T13:01:40","date_gmt":"2023-05-03T11:01:40","guid":{"rendered":"http:\/\/www.serafini-luthier.com\/imep\/?page_id=12"},"modified":"2025-04-21T09:18:07","modified_gmt":"2025-04-21T07:18:07","slug":"accueil","status":"publish","type":"page","link":"http:\/\/www.serafini-luthier.com\/imep\/","title":{"rendered":"Accueil"},"content":{"rendered":"\n<div class=\"wp-block-columns is-layout-flex wp-container-core-columns-is-layout-28f84493 wp-block-columns-is-layout-flex\">\n<div class=\"wp-block-column is-layout-flow wp-block-column-is-layout-flow\" style=\"flex-basis:100%\">\n<div class=\"wp-block-jetpack-tiled-gallery aligncenter is-style-rectangular\" style=\"padding-top:0;padding-bottom:0\"><div class=\"\"><div class=\"tiled-gallery__gallery\"><div class=\"tiled-gallery__row\"><div class=\"tiled-gallery__col\" style=\"flex-basis:54.40748%\"><figure class=\"tiled-gallery__item\"><img decoding=\"async\" srcset=\"https:\/\/i0.wp.com\/www.serafini-luthier.com\/imep\/wp-content\/uploads\/2025\/04\/mosaic-montage.jpg?strip=info&#038;w=600 600w,https:\/\/i0.wp.com\/www.serafini-luthier.com\/imep\/wp-content\/uploads\/2025\/04\/mosaic-montage.jpg?strip=info&#038;w=900 900w,https:\/\/i0.wp.com\/www.serafini-luthier.com\/imep\/wp-content\/uploads\/2025\/04\/mosaic-montage.jpg?strip=info&#038;w=912 912w\" alt=\"\" data-height=\"528\" data-id=\"353\" data-link=\"http:\/\/www.serafini-luthier.com\/imep\/accueil\/mosaic-montage\/\" data-url=\"http:\/\/www.serafini-luthier.com\/imep\/wp-content\/uploads\/2025\/04\/mosaic-montage.jpg\" data-width=\"912\" src=\"https:\/\/i0.wp.com\/www.serafini-luthier.com\/imep\/wp-content\/uploads\/2025\/04\/mosaic-montage.jpg\" data-amp-layout=\"responsive\" aria-label=\"Ouvrir l\u2019image 1 sur 9 en plein \u00e9cran\"\/><\/figure><figure class=\"tiled-gallery__item\"><img decoding=\"async\" srcset=\"https:\/\/i0.wp.com\/www.serafini-luthier.com\/imep\/wp-content\/uploads\/2025\/04\/mosaic-volute.jpg?strip=info&#038;w=600 600w,https:\/\/i0.wp.com\/www.serafini-luthier.com\/imep\/wp-content\/uploads\/2025\/04\/mosaic-volute.jpg?strip=info&#038;w=900 900w,https:\/\/i0.wp.com\/www.serafini-luthier.com\/imep\/wp-content\/uploads\/2025\/04\/mosaic-volute.jpg?strip=info&#038;w=1024 1024w\" alt=\"\" data-height=\"683\" data-id=\"355\" data-link=\"http:\/\/www.serafini-luthier.com\/imep\/accueil\/mosaic-volute\/\" data-url=\"http:\/\/www.serafini-luthier.com\/imep\/wp-content\/uploads\/2025\/04\/mosaic-volute.jpg\" data-width=\"1024\" src=\"https:\/\/i0.wp.com\/www.serafini-luthier.com\/imep\/wp-content\/uploads\/2025\/04\/mosaic-volute.jpg\" data-amp-layout=\"responsive\" aria-label=\"Ouvrir l\u2019image 2 sur 9 en plein \u00e9cran\"\/><\/figure><\/div><div class=\"tiled-gallery__col\" style=\"flex-basis:45.59252%\"><figure class=\"tiled-gallery__item\"><img decoding=\"async\" srcset=\"https:\/\/i0.wp.com\/www.serafini-luthier.com\/imep\/wp-content\/uploads\/2025\/04\/mosaic-violons.jpg?strip=info&#038;w=600 600w,https:\/\/i0.wp.com\/www.serafini-luthier.com\/imep\/wp-content\/uploads\/2025\/04\/mosaic-violons.jpg?strip=info&#038;w=683 683w\" alt=\"\" data-height=\"1024\" data-id=\"354\" data-link=\"http:\/\/www.serafini-luthier.com\/imep\/accueil\/mosaic-violons\/\" data-url=\"http:\/\/www.serafini-luthier.com\/imep\/wp-content\/uploads\/2025\/04\/mosaic-violons.jpg\" data-width=\"683\" src=\"https:\/\/i0.wp.com\/www.serafini-luthier.com\/imep\/wp-content\/uploads\/2025\/04\/mosaic-violons.jpg\" data-amp-layout=\"responsive\" aria-label=\"Ouvrir l\u2019image 3 sur 9 en plein \u00e9cran\"\/><\/figure><\/div><\/div><div class=\"tiled-gallery__row\"><div class=\"tiled-gallery__col\" style=\"flex-basis:50.10965%\"><figure class=\"tiled-gallery__item\"><img decoding=\"async\" srcset=\"https:\/\/i0.wp.com\/www.serafini-luthier.com\/imep\/wp-content\/uploads\/2025\/04\/mosaic-racloir.jpg?strip=info&#038;w=600 600w,https:\/\/i0.wp.com\/www.serafini-luthier.com\/imep\/wp-content\/uploads\/2025\/04\/mosaic-racloir.jpg?strip=info&#038;w=900 900w,https:\/\/i0.wp.com\/www.serafini-luthier.com\/imep\/wp-content\/uploads\/2025\/04\/mosaic-racloir.jpg?strip=info&#038;w=1024 1024w\" alt=\"\" data-height=\"680\" data-id=\"351\" data-link=\"http:\/\/www.serafini-luthier.com\/imep\/accueil\/mosaic-racloir\/\" data-url=\"http:\/\/www.serafini-luthier.com\/imep\/wp-content\/uploads\/2025\/04\/mosaic-racloir.jpg\" data-width=\"1024\" src=\"https:\/\/i0.wp.com\/www.serafini-luthier.com\/imep\/wp-content\/uploads\/2025\/04\/mosaic-racloir.jpg\" data-amp-layout=\"responsive\" aria-label=\"Ouvrir l\u2019image 4 sur 9 en plein \u00e9cran\"\/><\/figure><\/div><div class=\"tiled-gallery__col\" style=\"flex-basis:49.89035%\"><figure class=\"tiled-gallery__item\"><img decoding=\"async\" srcset=\"https:\/\/i0.wp.com\/www.serafini-luthier.com\/imep\/wp-content\/uploads\/2025\/04\/mosaic-touche.jpg?strip=info&#038;w=600 600w,https:\/\/i0.wp.com\/www.serafini-luthier.com\/imep\/wp-content\/uploads\/2025\/04\/mosaic-touche.jpg?strip=info&#038;w=900 900w,https:\/\/i0.wp.com\/www.serafini-luthier.com\/imep\/wp-content\/uploads\/2025\/04\/mosaic-touche.jpg?strip=info&#038;w=1024 1024w\" alt=\"\" data-height=\"683\" data-id=\"352\" data-link=\"http:\/\/www.serafini-luthier.com\/imep\/accueil\/mosaic-touche\/\" data-url=\"http:\/\/www.serafini-luthier.com\/imep\/wp-content\/uploads\/2025\/04\/mosaic-touche.jpg\" data-width=\"1024\" src=\"https:\/\/i0.wp.com\/www.serafini-luthier.com\/imep\/wp-content\/uploads\/2025\/04\/mosaic-touche.jpg\" data-amp-layout=\"responsive\" aria-label=\"Ouvrir l\u2019image 5 sur 9 en plein \u00e9cran\"\/><\/figure><\/div><\/div><div class=\"tiled-gallery__row\"><div class=\"tiled-gallery__col\" style=\"flex-basis:58.37007%\"><figure class=\"tiled-gallery__item\"><img decoding=\"async\" srcset=\"https:\/\/i0.wp.com\/www.serafini-luthier.com\/imep\/wp-content\/uploads\/2025\/04\/mosaic-celli.jpg?strip=info&#038;w=600 600w,https:\/\/i0.wp.com\/www.serafini-luthier.com\/imep\/wp-content\/uploads\/2025\/04\/mosaic-celli.jpg?strip=info&#038;w=683 683w\" alt=\"\" data-height=\"1024\" data-id=\"346\" data-link=\"http:\/\/www.serafini-luthier.com\/imep\/accueil\/mosaic-celli\/\" data-url=\"http:\/\/www.serafini-luthier.com\/imep\/wp-content\/uploads\/2025\/04\/mosaic-celli.jpg\" data-width=\"683\" src=\"https:\/\/i0.wp.com\/www.serafini-luthier.com\/imep\/wp-content\/uploads\/2025\/04\/mosaic-celli.jpg\" data-amp-layout=\"responsive\" aria-label=\"Ouvrir l\u2019image 6 sur 9 en plein \u00e9cran\"\/><\/figure><\/div><div class=\"tiled-gallery__col\" style=\"flex-basis:41.62993%\"><figure class=\"tiled-gallery__item\"><img decoding=\"async\" srcset=\"https:\/\/i0.wp.com\/www.serafini-luthier.com\/imep\/wp-content\/uploads\/2025\/04\/mosaic-detablage.jpg?strip=info&#038;w=600 600w,https:\/\/i0.wp.com\/www.serafini-luthier.com\/imep\/wp-content\/uploads\/2025\/04\/mosaic-detablage.jpg?strip=info&#038;w=900 900w,https:\/\/i0.wp.com\/www.serafini-luthier.com\/imep\/wp-content\/uploads\/2025\/04\/mosaic-detablage.jpg?strip=info&#038;w=1024 1024w\" alt=\"\" data-height=\"683\" data-id=\"349\" data-link=\"http:\/\/www.serafini-luthier.com\/imep\/accueil\/mosaic-detablage\/\" data-url=\"http:\/\/www.serafini-luthier.com\/imep\/wp-content\/uploads\/2025\/04\/mosaic-detablage.jpg\" data-width=\"1024\" src=\"https:\/\/i0.wp.com\/www.serafini-luthier.com\/imep\/wp-content\/uploads\/2025\/04\/mosaic-detablage.jpg\" data-amp-layout=\"responsive\" aria-label=\"Ouvrir l\u2019image 7 sur 9 en plein \u00e9cran\"\/><\/figure><figure class=\"tiled-gallery__item\"><img decoding=\"async\" srcset=\"https:\/\/i0.wp.com\/www.serafini-luthier.com\/imep\/wp-content\/uploads\/2025\/04\/mosaic-bridge1.jpg?strip=info&#038;w=600 600w,https:\/\/i0.wp.com\/www.serafini-luthier.com\/imep\/wp-content\/uploads\/2025\/04\/mosaic-bridge1.jpg?strip=info&#038;w=900 900w,https:\/\/i0.wp.com\/www.serafini-luthier.com\/imep\/wp-content\/uploads\/2025\/04\/mosaic-bridge1.jpg?strip=info&#038;w=1024 1024w\" alt=\"\" data-height=\"768\" data-id=\"347\" data-link=\"http:\/\/www.serafini-luthier.com\/imep\/accueil\/olympus-digital-camera-3\/\" data-url=\"http:\/\/www.serafini-luthier.com\/imep\/wp-content\/uploads\/2025\/04\/mosaic-bridge1.jpg\" data-width=\"1024\" src=\"https:\/\/i0.wp.com\/www.serafini-luthier.com\/imep\/wp-content\/uploads\/2025\/04\/mosaic-bridge1.jpg\" data-amp-layout=\"responsive\" aria-label=\"Ouvrir l\u2019image 8 sur 9 en plein \u00e9cran\"\/><\/figure><figure class=\"tiled-gallery__item\"><img decoding=\"async\" srcset=\"https:\/\/i0.wp.com\/www.serafini-luthier.com\/imep\/wp-content\/uploads\/2025\/04\/mosaic-bridge2.jpg?strip=info&#038;w=600 600w,https:\/\/i0.wp.com\/www.serafini-luthier.com\/imep\/wp-content\/uploads\/2025\/04\/mosaic-bridge2.jpg?strip=info&#038;w=900 900w,https:\/\/i0.wp.com\/www.serafini-luthier.com\/imep\/wp-content\/uploads\/2025\/04\/mosaic-bridge2.jpg?strip=info&#038;w=1024 1024w\" alt=\"\" data-height=\"683\" data-id=\"348\" data-link=\"http:\/\/www.serafini-luthier.com\/imep\/accueil\/mosaic-bridge2\/\" data-url=\"http:\/\/www.serafini-luthier.com\/imep\/wp-content\/uploads\/2025\/04\/mosaic-bridge2.jpg\" data-width=\"1024\" src=\"https:\/\/i0.wp.com\/www.serafini-luthier.com\/imep\/wp-content\/uploads\/2025\/04\/mosaic-bridge2.jpg\" data-amp-layout=\"responsive\" aria-label=\"Ouvrir l\u2019image 9 sur 9 en plein \u00e9cran\"\/><\/figure><\/div><\/div><\/div><\/div><\/div>\n<\/div>\n<\/div>\n\n\n\n<div class=\"wp-block-columns container is-layout-flex wp-container-core-columns-is-layout-28f84493 wp-block-columns-is-layout-flex\">\n<div class=\"wp-block-column col-md-5 is-layout-flow wp-block-column-is-layout-flow\">\n<h2 class=\"wp-block-heading\">Le BACHELIER en Lutherie<\/h2>\n\n\n\n<p><br>Le \u00ab&nbsp;BACHELIER en Lutherie&nbsp;\u00bb offre aux passionn\u00e9s de facture instrumentale, un enseignement de qualit\u00e9 leurs permettant d&rsquo;acc\u00e9der \u00e0 la profession de luthier du quatuor \u00e0 cordes.<br>Arm\u00e9s de comp\u00e9tences pratiques et th\u00e9oriques multi-disciplinaires, les dipl\u00f4m\u00e9s pourront int\u00e9grer tout atelier de ma\u00eetre luthier.<\/p>\n\n\n\n<p><\/p>\n<\/div>\n<\/div>\n\n\n\n<div class=\"wp-block-columns container is-layout-flex wp-container-core-columns-is-layout-28f84493 wp-block-columns-is-layout-flex\">\n<div class=\"wp-block-column col-md-5 is-layout-flow wp-block-column-is-layout-flow\">\n<p>Dans le cadre de ce BACHELIER pr\u00e9par\u00e9 en 3 ans, est abord\u00e9e la fabrication du violon, de l&rsquo;alto et du violoncelle selon les m\u00e9thodes des grands ma\u00eetres italiens, en pratique et en th\u00e9orie avec une approche m\u00e9canique, acoustique et esth\u00e9tique. Depuis les premiers coups de rabot jusqu&rsquo;au vernissage et au montage, toutes les \u00e9tapes seront enseign\u00e9es avec un objectif de qualit\u00e9, voire d&rsquo;excellence.<br><br>Le nombre d&rsquo;\u00e9tudiants volontairement limit\u00e9 au sein de l&rsquo;atelier permet un accompagnement individuel efficace.<br>Au coeur du vivier de musiciens, compositeurs et p\u00e9dagogues qu&rsquo;est l\u2019<strong>Institut Royal sup\u00e9rieur de Musique et de P\u00e9dagogie (IMEP)<\/strong>, les luthiers en devenir pourront compl\u00e9ter et enrichir les acquis dans le domaine de la facture instrumentale par des cours d&rsquo;acoustiques, histoire de la musique et des arts, organologie, formation corporelle&#8230;  De plus, la proximit\u00e9 avec musiciens et autres acteurs majeurs du monde de la musique au sein de l&rsquo;institut, permet de riches interactions et complicit\u00e9s.<\/p>\n\n\n\n<hr class=\"wp-block-separator has-alpha-channel-opacity\"\/>\n\n\n\n<p><\/p>\n<\/div>\n<\/div>\n\n\n\n<div class=\"wp-block-cover alignfull is-light hestia-clear-top-padding\" style=\"min-height:1626px;aspect-ratio:unset;\"><span aria-hidden=\"true\" class=\"wp-block-cover__background has-white-background-color has-background-dim-100 has-background-dim\"><\/span><div class=\"wp-block-cover__inner-container is-layout-flow wp-block-cover-is-layout-flow\">\n<div style=\"height:40px\" aria-hidden=\"true\" class=\"wp-block-spacer\"><\/div>\n\n\n\n<div class=\"wp-block-columns container is-layout-flex wp-container-core-columns-is-layout-28f84493 wp-block-columns-is-layout-flex\">\n<div class=\"wp-block-column is-layout-flow wp-block-column-is-layout-flow\"><div class=\"wp-block-image\">\n<figure class=\"aligncenter size-large\"><img loading=\"lazy\" decoding=\"async\" width=\"680\" height=\"1024\" src=\"http:\/\/www.serafini-luthier.com\/imep\/wp-content\/uploads\/2023\/12\/Luthier-1-680x1024.jpg\" alt=\"\" class=\"wp-image-255\" srcset=\"http:\/\/www.serafini-luthier.com\/imep\/wp-content\/uploads\/2023\/12\/Luthier-1-680x1024.jpg 680w, http:\/\/www.serafini-luthier.com\/imep\/wp-content\/uploads\/2023\/12\/Luthier-1-199x300.jpg 199w, http:\/\/www.serafini-luthier.com\/imep\/wp-content\/uploads\/2023\/12\/Luthier-1-768x1156.jpg 768w, http:\/\/www.serafini-luthier.com\/imep\/wp-content\/uploads\/2023\/12\/Luthier-1-1020x1536.jpg 1020w, http:\/\/www.serafini-luthier.com\/imep\/wp-content\/uploads\/2023\/12\/Luthier-1-1360x2048.jpg 1360w, http:\/\/www.serafini-luthier.com\/imep\/wp-content\/uploads\/2023\/12\/Luthier-1-scaled.jpg 1700w\" sizes=\"auto, (max-width: 680px) 100vw, 680px\" \/><\/figure>\n<\/div>\n\n\n<h5 class=\"wp-block-heading has-text-align-center has-text-color\" style=\"color:#3c4858;font-size:18px\">Le dipl\u00f4me<\/h5>\n\n\n\n<p class=\"has-text-align-center has-text-color\" style=\"color:#999999;font-size:14px\">Le dipl\u00f4me pr\u00e9par\u00e9 est un BACHELIER professionnalisant. Des \u00e9tudes de type court en 180 ECTS, correspondant au niveau 6 du Cadre Europ\u00e9en des Certifications <\/p>\n\n\n\n<div style=\"height:25px\" aria-hidden=\"true\" class=\"wp-block-spacer\"><\/div>\n<\/div>\n\n\n\n<div class=\"wp-block-column is-layout-flow wp-block-column-is-layout-flow\"><div class=\"wp-block-image\">\n<figure class=\"aligncenter size-large\"><img loading=\"lazy\" decoding=\"async\" width=\"683\" height=\"1024\" src=\"http:\/\/www.serafini-luthier.com\/imep\/wp-content\/uploads\/2023\/12\/IMGP6916-683x1024.jpg\" alt=\"\" class=\"wp-image-253\" srcset=\"http:\/\/www.serafini-luthier.com\/imep\/wp-content\/uploads\/2023\/12\/IMGP6916-683x1024.jpg 683w, http:\/\/www.serafini-luthier.com\/imep\/wp-content\/uploads\/2023\/12\/IMGP6916-200x300.jpg 200w, http:\/\/www.serafini-luthier.com\/imep\/wp-content\/uploads\/2023\/12\/IMGP6916-768x1151.jpg 768w, http:\/\/www.serafini-luthier.com\/imep\/wp-content\/uploads\/2023\/12\/IMGP6916-1025x1536.jpg 1025w, http:\/\/www.serafini-luthier.com\/imep\/wp-content\/uploads\/2023\/12\/IMGP6916-1367x2048.jpg 1367w, http:\/\/www.serafini-luthier.com\/imep\/wp-content\/uploads\/2023\/12\/IMGP6916-scaled.jpg 1709w\" sizes=\"auto, (max-width: 683px) 100vw, 683px\" \/><\/figure>\n<\/div>\n\n\n<h5 class=\"wp-block-heading has-text-align-center has-text-color\" style=\"color:#3c4858;font-size:18px\">Le projet p\u00e9dagogique<\/h5>\n\n\n\n<p class=\"has-text-align-center has-text-color\" style=\"color:#999999;font-size:14px\">Comp\u00e9tences et acquis des luthiers dipl\u00f4m\u00e9s&#8230;<br><a href=\"http:\/\/www.serafini-luthier.com\/imep\/projet-pedagogique\">Plus d&rsquo;informations&#8230;<\/a><\/p>\n\n\n\n<div style=\"height:25px\" aria-hidden=\"true\" class=\"wp-block-spacer\"><\/div>\n<\/div>\n\n\n\n<div class=\"wp-block-column is-layout-flow wp-block-column-is-layout-flow\"><div class=\"wp-block-image is-style-default\">\n<figure class=\"aligncenter size-large\"><img loading=\"lazy\" decoding=\"async\" width=\"683\" height=\"1024\" src=\"http:\/\/www.serafini-luthier.com\/imep\/wp-content\/uploads\/2023\/12\/IMGP6921-683x1024.jpg\" alt=\"\" class=\"wp-image-254\" srcset=\"http:\/\/www.serafini-luthier.com\/imep\/wp-content\/uploads\/2023\/12\/IMGP6921-683x1024.jpg 683w, http:\/\/www.serafini-luthier.com\/imep\/wp-content\/uploads\/2023\/12\/IMGP6921-200x300.jpg 200w, http:\/\/www.serafini-luthier.com\/imep\/wp-content\/uploads\/2023\/12\/IMGP6921-768x1151.jpg 768w, http:\/\/www.serafini-luthier.com\/imep\/wp-content\/uploads\/2023\/12\/IMGP6921-1025x1536.jpg 1025w, http:\/\/www.serafini-luthier.com\/imep\/wp-content\/uploads\/2023\/12\/IMGP6921-1367x2048.jpg 1367w, http:\/\/www.serafini-luthier.com\/imep\/wp-content\/uploads\/2023\/12\/IMGP6921-scaled.jpg 1709w\" sizes=\"auto, (max-width: 683px) 100vw, 683px\" \/><\/figure>\n<\/div>\n\n\n<h5 class=\"wp-block-heading has-text-align-center has-text-color\" style=\"color:#3c4858;font-size:18px\">La grille de cours<\/h5>\n\n\n\n<p class=\"has-text-align-center has-text-color\" style=\"color:#999999;font-size:14px\">Un cursus o\u00f9 se m\u00ealent : Pratique et th\u00e9orie de la facture instrumentale, cours d&rsquo;acoustique, histoire de la musique&#8230;<br><a href=\"http:\/\/www.serafini-luthier.com\/imep\/grille-de-cours\">Plus d&rsquo;informations&#8230;<\/a><\/p>\n\n\n\n<div style=\"height:25px\" aria-hidden=\"true\" class=\"wp-block-spacer\"><\/div>\n<\/div>\n<\/div>\n\n\n\n<div class=\"wp-block-columns container is-layout-flex wp-container-core-columns-is-layout-28f84493 wp-block-columns-is-layout-flex\">\n<div class=\"wp-block-column is-layout-flow wp-block-column-is-layout-flow\"><div class=\"wp-block-image\">\n<figure class=\"aligncenter size-large\"><img loading=\"lazy\" decoding=\"async\" width=\"1919\" height=\"2560\" src=\"http:\/\/www.serafini-luthier.com\/imep\/wp-content\/uploads\/2023\/12\/IMGP6901-edited-1-scaled.jpg\" alt=\"\" class=\"wp-image-268\" srcset=\"http:\/\/www.serafini-luthier.com\/imep\/wp-content\/uploads\/2023\/12\/IMGP6901-edited-1-scaled.jpg 1919w, http:\/\/www.serafini-luthier.com\/imep\/wp-content\/uploads\/2023\/12\/IMGP6901-edited-1-225x300.jpg 225w, http:\/\/www.serafini-luthier.com\/imep\/wp-content\/uploads\/2023\/12\/IMGP6901-edited-1-768x1025.jpg 768w, http:\/\/www.serafini-luthier.com\/imep\/wp-content\/uploads\/2023\/12\/IMGP6901-edited-1-1151x1536.jpg 1151w, http:\/\/www.serafini-luthier.com\/imep\/wp-content\/uploads\/2023\/12\/IMGP6901-edited-1-1535x2048.jpg 1535w\" sizes=\"auto, (max-width: 1919px) 100vw, 1919px\" \/><\/figure>\n<\/div>\n\n\n<h5 class=\"wp-block-heading has-text-align-center has-text-color\" style=\"color:#3c4858;font-size:18px\">Inscription<\/h5>\n\n\n\n<p class=\"has-text-align-center has-text-color\" style=\"color:#999999;font-size:14px\">Les candidats sont invit\u00e9s \u00e0 s&rsquo;inscrire aux \u00e9preuves d&rsquo;admission via le formulaire en ligne, en cliquant sur le lien suivant : <a rel=\"noreferrer noopener\" href=\"https:\/\/www.imep.be\/fr\/formulaire-dinscription\" target=\"_blank\">Inscription<\/a><\/p>\n\n\n\n<p class=\"has-text-align-center has-text-color\" style=\"color:#999999;font-size:14px\">Pour de plus amples d\u00e9tails concernant les inscriptions&#8230;<br><a href=\"https:\/\/www.imep.be\/admissions-inscriptions\/\" target=\"_blank\" rel=\"noreferrer noopener\">Plus d&rsquo;informations&#8230;<\/a><\/p>\n\n\n\n<div style=\"height:25px\" aria-hidden=\"true\" class=\"wp-block-spacer\"><\/div>\n<\/div>\n\n\n\n<div class=\"wp-block-column is-layout-flow wp-block-column-is-layout-flow\"><div class=\"wp-block-image\">\n<figure class=\"aligncenter size-large\"><img loading=\"lazy\" decoding=\"async\" width=\"1919\" height=\"2560\" src=\"http:\/\/www.serafini-luthier.com\/imep\/wp-content\/uploads\/2023\/12\/IMGP6881-edited-scaled.jpg\" alt=\"\" class=\"wp-image-269\" srcset=\"http:\/\/www.serafini-luthier.com\/imep\/wp-content\/uploads\/2023\/12\/IMGP6881-edited-scaled.jpg 1919w, http:\/\/www.serafini-luthier.com\/imep\/wp-content\/uploads\/2023\/12\/IMGP6881-edited-225x300.jpg 225w, http:\/\/www.serafini-luthier.com\/imep\/wp-content\/uploads\/2023\/12\/IMGP6881-edited-768x1025.jpg 768w, http:\/\/www.serafini-luthier.com\/imep\/wp-content\/uploads\/2023\/12\/IMGP6881-edited-1151x1536.jpg 1151w, http:\/\/www.serafini-luthier.com\/imep\/wp-content\/uploads\/2023\/12\/IMGP6881-edited-1535x2048.jpg 1535w\" sizes=\"auto, (max-width: 1919px) 100vw, 1919px\" \/><\/figure>\n<\/div>\n\n\n<h5 class=\"wp-block-heading has-text-align-center has-text-color\" style=\"color:#3c4858;font-size:18px\">Examen d&rsquo;entr\u00e9e<\/h5>\n\n\n\n<p class=\"has-text-align-center has-text-color\" style=\"color:#999999;font-size:14px\">Lors des sessions d&rsquo;admission, les candidats apporteront une r\u00e9alisation en bois, et pr\u00e9senteront les \u00e9tapes de sa fabrication.<br>Ils seront \u00e9galement interrog\u00e9s \u00e0 partir d&rsquo;un questionnaire sur la lutherie.<br><a href=\"https:\/\/www.imep.be\/wp-content\/uploads\/reglement-de-lepreuve-dadmission-2024-2025.pdf\" target=\"_blank\" rel=\"noreferrer noopener\">Plus d&rsquo;information<\/a><a href=\"https:\/\/www.imep.be\/fr\/wp-content\/uploads\/2012\/04\/consignes-admission.pdf\" target=\"_blank\" rel=\"noreferrer noopener\">s&#8230;<\/a><\/p>\n\n\n\n<div style=\"height:25px\" aria-hidden=\"true\" class=\"wp-block-spacer\"><\/div>\n<\/div>\n\n\n\n<div class=\"wp-block-column is-layout-flow wp-block-column-is-layout-flow\"><div class=\"wp-block-image is-style-default\">\n<figure class=\"aligncenter size-large\"><img loading=\"lazy\" decoding=\"async\" width=\"1152\" height=\"1536\" src=\"http:\/\/www.serafini-luthier.com\/imep\/wp-content\/uploads\/2023\/12\/P1010036-edited.jpg\" alt=\"\" class=\"wp-image-270\" srcset=\"http:\/\/www.serafini-luthier.com\/imep\/wp-content\/uploads\/2023\/12\/P1010036-edited.jpg 1152w, http:\/\/www.serafini-luthier.com\/imep\/wp-content\/uploads\/2023\/12\/P1010036-edited-225x300.jpg 225w, http:\/\/www.serafini-luthier.com\/imep\/wp-content\/uploads\/2023\/12\/P1010036-edited-768x1024.jpg 768w\" sizes=\"auto, (max-width: 1152px) 100vw, 1152px\" \/><\/figure>\n<\/div>\n\n\n<h5 class=\"wp-block-heading has-text-align-center has-text-color\" style=\"color:#3c4858;font-size:18px\">Droits d&rsquo;inscription<\/h5>\n\n\n\n<p class=\"has-text-align-center has-text-color\" style=\"color:#999999;font-size:14px\">Montants des droits d&rsquo;inscription, minerval, frais, bourses&#8230;<br><a href=\"https:\/\/www.imep.be\/wp-content\/uploads\/droits-dinscription-2023-2024.pdf\" target=\"_blank\" rel=\"noreferrer noopener\">Plus d&rsquo;informations&#8230;<\/a><\/p>\n\n\n\n<div style=\"height:25px\" aria-hidden=\"true\" class=\"wp-block-spacer\"><\/div>\n<\/div>\n<\/div>\n\n\n\n<div style=\"height:40px\" aria-hidden=\"true\" class=\"wp-block-spacer\"><\/div>\n<\/div><\/div>\n\n\n\n<div class=\"wp-block-columns container is-layout-flex wp-container-core-columns-is-layout-28f84493 wp-block-columns-is-layout-flex\">\n<div class=\"wp-block-column col-md-5 is-layout-flow wp-block-column-is-layout-flow\">\n<h2 class=\"wp-block-heading\">L&rsquo;atelier<\/h2>\n\n\n\n<p>Les cours d&rsquo;atelier ont lieu \u00e0 Marche-en-Famenne, au coeur d&rsquo;une ancienne ferme du XVII\u00e8me si\u00e8cle \u00ab\u00a0la Vieille Cense\u00a0\u00bb. La salle de classe comptant 12 \u00e9tablis partage ce lieu historique avec le Cordaneum, \u00ab\u00a0le centre de la lutherie et du violon\u00a0\u00bb&#8230; <a href=\"https:\/\/www.cordaneum.be\" target=\"_blank\" rel=\"noreferrer noopener\">Plus d&rsquo;informations&#8230;<\/a><\/p>\n\n\n\n<p><br><\/p>\n\n\n\n<figure class=\"wp-block-gallery has-nested-images columns-default is-cropped wp-block-gallery-1 is-layout-flex wp-block-gallery-is-layout-flex\">\n<figure class=\"wp-block-image size-large\"><a href=\"http:\/\/www.serafini-luthier.com\/imep\/wp-content\/uploads\/2023\/12\/20230428_145433-scaled.jpg\" target=\"_blank\" rel=\"noopener\"><img loading=\"lazy\" decoding=\"async\" width=\"2560\" height=\"2560\" data-id=\"263\" src=\"http:\/\/www.serafini-luthier.com\/imep\/wp-content\/uploads\/2023\/12\/20230428_145433-edited-scaled.jpg\" alt=\"\" class=\"wp-image-263\" srcset=\"http:\/\/www.serafini-luthier.com\/imep\/wp-content\/uploads\/2023\/12\/20230428_145433-edited-scaled.jpg 2560w, http:\/\/www.serafini-luthier.com\/imep\/wp-content\/uploads\/2023\/12\/20230428_145433-edited-300x300.jpg 300w, http:\/\/www.serafini-luthier.com\/imep\/wp-content\/uploads\/2023\/12\/20230428_145433-edited-1024x1024.jpg 1024w, http:\/\/www.serafini-luthier.com\/imep\/wp-content\/uploads\/2023\/12\/20230428_145433-edited-150x150.jpg 150w, http:\/\/www.serafini-luthier.com\/imep\/wp-content\/uploads\/2023\/12\/20230428_145433-edited-768x768.jpg 768w, http:\/\/www.serafini-luthier.com\/imep\/wp-content\/uploads\/2023\/12\/20230428_145433-edited-1536x1536.jpg 1536w, http:\/\/www.serafini-luthier.com\/imep\/wp-content\/uploads\/2023\/12\/20230428_145433-edited-2048x2048.jpg 2048w\" sizes=\"auto, (max-width: 2560px) 100vw, 2560px\" \/><\/a><\/figure>\n\n\n\n<figure class=\"wp-block-image size-large\"><a href=\"http:\/\/www.serafini-luthier.com\/imep\/wp-content\/uploads\/2023\/12\/DSF6076_FTLB_A.Segers-scaled.jpg\" target=\"_blank\" rel=\"noopener\"><img loading=\"lazy\" decoding=\"async\" width=\"2560\" height=\"2560\" data-id=\"262\" src=\"http:\/\/www.serafini-luthier.com\/imep\/wp-content\/uploads\/2023\/12\/DSF6076_FTLB_A.Segers-edited-scaled.jpg\" alt=\"\" class=\"wp-image-262\" srcset=\"http:\/\/www.serafini-luthier.com\/imep\/wp-content\/uploads\/2023\/12\/DSF6076_FTLB_A.Segers-edited-scaled.jpg 2560w, http:\/\/www.serafini-luthier.com\/imep\/wp-content\/uploads\/2023\/12\/DSF6076_FTLB_A.Segers-edited-300x300.jpg 300w, http:\/\/www.serafini-luthier.com\/imep\/wp-content\/uploads\/2023\/12\/DSF6076_FTLB_A.Segers-edited-1024x1024.jpg 1024w, http:\/\/www.serafini-luthier.com\/imep\/wp-content\/uploads\/2023\/12\/DSF6076_FTLB_A.Segers-edited-150x150.jpg 150w, http:\/\/www.serafini-luthier.com\/imep\/wp-content\/uploads\/2023\/12\/DSF6076_FTLB_A.Segers-edited-768x768.jpg 768w, http:\/\/www.serafini-luthier.com\/imep\/wp-content\/uploads\/2023\/12\/DSF6076_FTLB_A.Segers-edited-1536x1536.jpg 1536w, http:\/\/www.serafini-luthier.com\/imep\/wp-content\/uploads\/2023\/12\/DSF6076_FTLB_A.Segers-edited-2048x2048.jpg 2048w\" sizes=\"auto, (max-width: 2560px) 100vw, 2560px\" \/><\/a><\/figure>\n\n\n\n<figure class=\"wp-block-image size-large\"><a href=\"http:\/\/www.serafini-luthier.com\/imep\/wp-content\/uploads\/2023\/12\/image0-006.jpeg\" target=\"_blank\" rel=\"noopener\"><img loading=\"lazy\" decoding=\"async\" width=\"1512\" height=\"1512\" data-id=\"264\" src=\"http:\/\/www.serafini-luthier.com\/imep\/wp-content\/uploads\/2023\/12\/image0-006-edited.jpeg\" alt=\"\" class=\"wp-image-264\" srcset=\"http:\/\/www.serafini-luthier.com\/imep\/wp-content\/uploads\/2023\/12\/image0-006-edited.jpeg 1512w, http:\/\/www.serafini-luthier.com\/imep\/wp-content\/uploads\/2023\/12\/image0-006-edited-300x300.jpeg 300w, http:\/\/www.serafini-luthier.com\/imep\/wp-content\/uploads\/2023\/12\/image0-006-edited-1024x1024.jpeg 1024w, http:\/\/www.serafini-luthier.com\/imep\/wp-content\/uploads\/2023\/12\/image0-006-edited-150x150.jpeg 150w, http:\/\/www.serafini-luthier.com\/imep\/wp-content\/uploads\/2023\/12\/image0-006-edited-768x768.jpeg 768w\" sizes=\"auto, (max-width: 1512px) 100vw, 1512px\" \/><\/a><\/figure>\n<\/figure>\n<\/div>\n<\/div>\n","protected":false},"excerpt":{"rendered":"<p>Le BACHELIER en Lutherie Le \u00ab&nbsp;BACHELIER en Lutherie&nbsp;\u00bb offre aux passionn\u00e9s de facture instrumentale, un enseignement de qualit\u00e9 leurs permettant d&rsquo;acc\u00e9der \u00e0 la profession de luthier du quatuor \u00e0 cordes.Arm\u00e9s de comp\u00e9tences pratiques et th\u00e9oriques multi-disciplinaires, les dipl\u00f4m\u00e9s pourront int\u00e9grer tout atelier de ma\u00eetre luthier. Dans le cadre de ce [&hellip;]<\/p>\n","protected":false},"author":1,"featured_media":0,"parent":0,"menu_order":0,"comment_status":"closed","ping_status":"closed","template":"","meta":{"footnotes":""},"class_list":["post-12","page","type-page","status-publish","hentry"],"jetpack_sharing_enabled":true,"_links":{"self":[{"href":"http:\/\/www.serafini-luthier.com\/imep\/wp-json\/wp\/v2\/pages\/12","targetHints":{"allow":["GET"]}}],"collection":[{"href":"http:\/\/www.serafini-luthier.com\/imep\/wp-json\/wp\/v2\/pages"}],"about":[{"href":"http:\/\/www.serafini-luthier.com\/imep\/wp-json\/wp\/v2\/types\/page"}],"author":[{"embeddable":true,"href":"http:\/\/www.serafini-luthier.com\/imep\/wp-json\/wp\/v2\/users\/1"}],"replies":[{"embeddable":true,"href":"http:\/\/www.serafini-luthier.com\/imep\/wp-json\/wp\/v2\/comments?post=12"}],"version-history":[{"count":98,"href":"http:\/\/www.serafini-luthier.com\/imep\/wp-json\/wp\/v2\/pages\/12\/revisions"}],"predecessor-version":[{"id":391,"href":"http:\/\/www.serafini-luthier.com\/imep\/wp-json\/wp\/v2\/pages\/12\/revisions\/391"}],"wp:attachment":[{"href":"http:\/\/www.serafini-luthier.com\/imep\/wp-json\/wp\/v2\/media?parent=12"}],"curies":[{"name":"wp","href":"https:\/\/api.w.org\/{rel}","templated":true}]}}